{"version":"1.0","provider_name":"CFM - Caminhos De Ferros de Mo\u00e7ambique","provider_url":"https:\/\/www.cfm.co.mz\/en","author_name":"D\u00e9rcio Badru","author_url":"https:\/\/www.cfm.co.mz\/en\/author\/dercio\/","title":"Malawi \u00e9 priorit\u00e1rio para o Porto de Nacala - CFM - Caminhos De Ferros de Mo\u00e7ambique","type":"rich","width":600,"height":338,"html":"<blockquote class=\"wp-embedded-content\" data-secret=\"iR3jn2OK6b\"><a href=\"https:\/\/www.cfm.co.mz\/en\/2022\/04\/27\/malawi-e-prioritario-para-o-porto-de-nacala\/\">Malawi \u00e9 priorit\u00e1rio para o Porto de Nacala<\/a><\/blockquote><iframe sandbox=\"allow-scripts\" security=\"restricted\" src=\"https:\/\/www.cfm.co.mz\/en\/2022\/04\/27\/malawi-e-prioritario-para-o-porto-de-nacala\/embed\/#?secret=iR3jn2OK6b\" width=\"600\" height=\"338\" title=\"&#8220;Malawi \u00e9 priorit\u00e1rio para o Porto de Nacala&#8221; &#8212; CFM - Caminhos De Ferros de Mo\u00e7ambique\" data-secret=\"iR3jn2OK6b\" frameborder=\"0\" marginwidth=\"0\" marginheight=\"0\" scrolling=\"no\" class=\"wp-embedded-content\"><\/iframe><script>\n\/*! This file is auto-generated *\/\n!function(d,l){\"use strict\";l.querySelector&&d.addEventListener&&\"undefined\"!=typeof URL&&(d.wp=d.wp||{},d.wp.receiveEmbedMessage||(d.wp.receiveEmbedMessage=function(e){var t=e.data;if((t||t.secret||t.message||t.value)&&!\/[^a-zA-Z0-9]\/.test(t.secret)){for(var s,r,n,a=l.querySelectorAll('iframe[data-secret=\"'+t.secret+'\"]'),o=l.querySelectorAll('blockquote[data-secret=\"'+t.secret+'\"]'),c=new RegExp(\"^https?:$\",\"i\"),i=0;i<o.length;i++)o[i].style.display=\"none\";for(i=0;i<a.length;i++)s=a[i],e.source===s.contentWindow&&(s.removeAttribute(\"style\"),\"height\"===t.message?(1e3<(r=parseInt(t.value,10))?r=1e3:~~r<200&&(r=200),s.height=r):\"link\"===t.message&&(r=new URL(s.getAttribute(\"src\")),n=new URL(t.value),c.test(n.protocol))&&n.host===r.host&&l.activeElement===s&&(d.top.location.href=t.value))}},d.addEventListener(\"message\",d.wp.receiveEmbedMessage,!1),l.addEventListener(\"DOMContentLoaded\",function(){for(var e,t,s=l.querySelectorAll(\"iframe.wp-embedded-content\"),r=0;r<s.length;r++)(t=(e=s[r]).getAttribute(\"data-secret\"))||(t=Math.random().toString(36).substring(2,12),e.src+=\"#?secret=\"+t,e.setAttribute(\"data-secret\",t)),e.contentWindow.postMessage({message:\"ready\",secret:t},\"*\")},!1)))}(window,document);\n\/\/# sourceURL=https:\/\/www.cfm.co.mz\/wp-includes\/js\/wp-embed.min.js\n<\/script>","thumbnail_url":"https:\/\/www.cfm.co.mz\/wp-content\/uploads\/2022\/04\/Visita_PR_Malawi_ao_Porto_de_Nacala_Abril_2022_1-scaled.jpg","thumbnail_width":2560,"thumbnail_height":1707,"description":"O Presidente da Rep\u00fablica de Mo\u00e7ambique, Filipe Nyusi e o seu hom\u00f3logo do Malawi, Lazarus Chakwera, visitaram, no dia 21 de Abril do ano em curso, o Porto de Nacala, na prov\u00edncia nortenha de Nampula para se inteirar do grau de execu\u00e7\u00e3o das obras de reabilita\u00e7\u00e3o em curso no recinto que os dois Estados pretendem que seja um vector de desenvolvimento dos 2 pa\u00edses. Na ocasi\u00e3o, o estadista mo\u00e7ambicano considerou Malawi como cliente priorit\u00e1rio no uso do Porto de Nacala para o manuseamento de diversa mercadoria.As obras visitadas pelos dois estadistas v\u00e3o permitir o aumento da capacidade de manuseamento do volume de carga dos actuais 100 mil TEU (contentores) para 252 mil TEU por ano, o que representa um crescimento na ordem de 152 por cento. Espera-se, ainda, um aumento da capacidade de armazenamento em 8 mil TEU, bem como atraca\u00e7\u00e3o de navios de grande porte."}