{"version":"1.0","provider_name":"CFM - Caminhos De Ferros de Mo\u00e7ambique","provider_url":"https:\/\/www.cfm.co.mz\/en","author_name":"D\u00e9rcio Badru","author_url":"https:\/\/www.cfm.co.mz\/en\/author\/dercio\/","title":"Museu do CFM celebra 5 anos - CFM - Caminhos De Ferros de Mo\u00e7ambique","type":"rich","width":600,"height":338,"html":"<blockquote class=\"wp-embedded-content\" data-secret=\"HaOoQ4Br8H\"><a href=\"https:\/\/www.cfm.co.mz\/en\/2020\/06\/11\/museu-do-cfm-celebra-5-anos-2\/\">Museu do CFM celebra 5 anos<\/a><\/blockquote><iframe sandbox=\"allow-scripts\" security=\"restricted\" src=\"https:\/\/www.cfm.co.mz\/en\/2020\/06\/11\/museu-do-cfm-celebra-5-anos-2\/embed\/#?secret=HaOoQ4Br8H\" width=\"600\" height=\"338\" title=\"&#8220;Museu do CFM celebra 5 anos&#8221; &#8212; CFM - Caminhos De Ferros de Mo\u00e7ambique\" data-secret=\"HaOoQ4Br8H\" frameborder=\"0\" marginwidth=\"0\" marginheight=\"0\" scrolling=\"no\" class=\"wp-embedded-content\"><\/iframe><script>\n\/*! This file is auto-generated *\/\n!function(d,l){\"use strict\";l.querySelector&&d.addEventListener&&\"undefined\"!=typeof URL&&(d.wp=d.wp||{},d.wp.receiveEmbedMessage||(d.wp.receiveEmbedMessage=function(e){var t=e.data;if((t||t.secret||t.message||t.value)&&!\/[^a-zA-Z0-9]\/.test(t.secret)){for(var s,r,n,a=l.querySelectorAll('iframe[data-secret=\"'+t.secret+'\"]'),o=l.querySelectorAll('blockquote[data-secret=\"'+t.secret+'\"]'),c=new RegExp(\"^https?:$\",\"i\"),i=0;i<o.length;i++)o[i].style.display=\"none\";for(i=0;i<a.length;i++)s=a[i],e.source===s.contentWindow&&(s.removeAttribute(\"style\"),\"height\"===t.message?(1e3<(r=parseInt(t.value,10))?r=1e3:~~r<200&&(r=200),s.height=r):\"link\"===t.message&&(r=new URL(s.getAttribute(\"src\")),n=new URL(t.value),c.test(n.protocol))&&n.host===r.host&&l.activeElement===s&&(d.top.location.href=t.value))}},d.addEventListener(\"message\",d.wp.receiveEmbedMessage,!1),l.addEventListener(\"DOMContentLoaded\",function(){for(var e,t,s=l.querySelectorAll(\"iframe.wp-embedded-content\"),r=0;r<s.length;r++)(t=(e=s[r]).getAttribute(\"data-secret\"))||(t=Math.random().toString(36).substring(2,12),e.src+=\"#?secret=\"+t,e.setAttribute(\"data-secret\",t)),e.contentWindow.postMessage({message:\"ready\",secret:t},\"*\")},!1)))}(window,document);\n\/\/# sourceURL=https:\/\/www.cfm.co.mz\/wp-includes\/js\/wp-embed.min.js\n<\/script>","thumbnail_url":"https:\/\/www.cfm.co.mz\/wp-content\/uploads\/2020\/06\/Museu_do_CFM_2020-scaled.jpg","thumbnail_width":2560,"thumbnail_height":1707,"description":"O Museu do CFM celebra hoje, 11 de Junho de 2020, 5 anos desde da sua inugura\u00e7\u00e3o. O Museu do CFM, incumbido de preservar o vasto legado do CFM, foi inaugurado a 11 de Junho de 2015 pelo Presidente da Rep\u00fablica e, desde ent\u00e3o, tem recebido visitas de diversos extractos sociais, entre nacionais e estrangeiros, \u00e0 semelhan\u00e7a da Esta\u00e7\u00e3o Central de Maputo, uma das mais belas do Mundo. Nestes 5 anos, o Museu teve 124 mil visitantes, incluindo-se, neste perfil, visitas individuais e institucionais: turistas, estudantes, representantes de chancelarias diplom\u00e1ticas, visitas de Estado ou de servi\u00e7o, pol\u00edticos e parlamentares, institui\u00e7\u00f5es de Estado, institui\u00e7\u00f5es privadas, Igrejas, entre outras associa\u00e7\u00f5es s\u00f3cio-culturais. Esta institui\u00e7\u00e3o de democratiza\u00e7\u00e3o da cultura tem uma exposi\u00e7\u00e3o permanente, que consta de uma linha de tempo cronol\u00f3gica, desde as expedi\u00e7\u00f5es de obras p\u00fablicas, em 1877, que est\u00e1 na origem da sua implementa\u00e7\u00e3o, at\u00e9 ao presente. A liga\u00e7\u00e3o ferrovi\u00e1ria entre a ent\u00e3o cidade de Louren\u00e7o-Marques e o Transvaal, a 8 de Julho de 1895 \u00e9 um dos marcos desta cronologia, que passa por diversos acontecimentos relevantes, como a inaugura\u00e7\u00e3o de diversas linhas f\u00e9rreas e portos, entre outras obras, que articulam o sistema ferro-portu\u00e1rio mo\u00e7ambicano. O CFM marcou, igualmente, o pa\u00eds no \u00e2mbito da log\u00edstica do transporte, quer atrav\u00e9s do transporte a\u00e9reo, de que \u00e9 pioneiro (a funda\u00e7\u00e3o da DETA em 1936), ou da Camionagem Autom\u00f3vel, em 1930. No desporto est\u00e1 na origem de decisivos equipamentos desportivos no pa\u00eds. O Clube Ferrovi\u00e1rio de Mo\u00e7ambique \u00e9 fundado em 1924. A n\u00edvel cultural destaca-se o seu papel de Mecenas na cultura nacional. O acervo do Museu do CFM \u00e9 constitu\u00eddo por material circulante motor e rebocado (locomotivas a vapor e a diesel, carruagens, vag\u00f5es, furg\u00f5es e zorras); equipamentos de via e obras; equipamento de comunica\u00e7\u00e3o, informa\u00e7\u00e3o e sinaliza\u00e7\u00e3o; equipamento de esta\u00e7\u00e3o, escrit\u00f3rio, tarif\u00e1rios, bilheteira; equipamentos de protec\u00e7\u00e3o e seguran\u00e7a; modelismo e maquetismo ferro-portu\u00e1rio; esp\u00f3lio documental e mais. O Museu desenvolve programas de ac\u00e7\u00e3o pedag\u00f3gica (educativa) e percursos tem\u00e1ticos, visitas guiadas, atelier ou oficinas, eventos corporativos e sociais que pretendem estimular a interac\u00e7\u00e3o com os objectos museol\u00f3gico e a interpreta\u00e7\u00e3o da exposi\u00e7\u00e3o e dos seus objectivos, bem como estabelecer uma rela\u00e7\u00e3o efectiva entre o p\u00fablico e o patrim\u00f3nio. Para al\u00e9m da sua exposi\u00e7\u00e3o permanente, o Museu tem tr\u00eas exposi\u00e7\u00f5es tempor\u00e1rias (\u201cAs 10 mais belas Esta\u00e7\u00f5es do Mundo\u201d; \u201cSamora Machel e os Portos e Caminhos de Ferro de Mo\u00e7ambique\u201d e \u201cO dia a dia da esta\u00e7\u00e3o.\u201d) e promove ainda uma exposi\u00e7\u00e3o itinerante (\u201cO Museu vai \u00e0s Escolas). O Museu do CFM previa inaugurar o seu primeiro N\u00facleo Museol\u00f3gico na Cidade da Beira na celebra\u00e7\u00e3o destes primeiros 5 anos. Este local foi escolhido devido ao seu significado hist\u00f3rico no processo de cria\u00e7\u00e3o e implanta\u00e7\u00e3o do sistema ferro-portu\u00e1rio em Mo\u00e7ambique. Contudo, devido \u00e0 pandemia do Covid 19, a materializa\u00e7\u00e3o deste projecto ficou adiada para quando se normalizar a situa\u00e7\u00e3o epidemiol\u00f3gica do pa\u00eds. &nbsp; Mais sobre o Museu do CFM"}