{"version":"1.0","provider_name":"CFM - Caminhos De Ferros de Mo\u00e7ambique","provider_url":"https:\/\/www.cfm.co.mz\/en","author_name":"D\u00e9rcio Badru","author_url":"https:\/\/www.cfm.co.mz\/en\/author\/dercio\/","title":"PCA do CFM empossa novos Directores Executivos - CFM - Caminhos De Ferros de Mo\u00e7ambique","type":"rich","width":600,"height":338,"html":"<blockquote class=\"wp-embedded-content\" data-secret=\"nJF7VgdPRm\"><a href=\"https:\/\/www.cfm.co.mz\/en\/2017\/03\/07\/pca-dos-empossa-novos-directores-executivos\/\">PCA do CFM empossa novos Directores Executivos<\/a><\/blockquote><iframe sandbox=\"allow-scripts\" security=\"restricted\" src=\"https:\/\/www.cfm.co.mz\/en\/2017\/03\/07\/pca-dos-empossa-novos-directores-executivos\/embed\/#?secret=nJF7VgdPRm\" width=\"600\" height=\"338\" title=\"&#8220;PCA do CFM empossa novos Directores Executivos&#8221; &#8212; CFM - Caminhos De Ferros de Mo\u00e7ambique\" data-secret=\"nJF7VgdPRm\" frameborder=\"0\" marginwidth=\"0\" marginheight=\"0\" scrolling=\"no\" class=\"wp-embedded-content\"><\/iframe><script>\n\/*! This file is auto-generated *\/\n!function(d,l){\"use strict\";l.querySelector&&d.addEventListener&&\"undefined\"!=typeof URL&&(d.wp=d.wp||{},d.wp.receiveEmbedMessage||(d.wp.receiveEmbedMessage=function(e){var t=e.data;if((t||t.secret||t.message||t.value)&&!\/[^a-zA-Z0-9]\/.test(t.secret)){for(var s,r,n,a=l.querySelectorAll('iframe[data-secret=\"'+t.secret+'\"]'),o=l.querySelectorAll('blockquote[data-secret=\"'+t.secret+'\"]'),c=new RegExp(\"^https?:$\",\"i\"),i=0;i<o.length;i++)o[i].style.display=\"none\";for(i=0;i<a.length;i++)s=a[i],e.source===s.contentWindow&&(s.removeAttribute(\"style\"),\"height\"===t.message?(1e3<(r=parseInt(t.value,10))?r=1e3:~~r<200&&(r=200),s.height=r):\"link\"===t.message&&(r=new URL(s.getAttribute(\"src\")),n=new URL(t.value),c.test(n.protocol))&&n.host===r.host&&l.activeElement===s&&(d.top.location.href=t.value))}},d.addEventListener(\"message\",d.wp.receiveEmbedMessage,!1),l.addEventListener(\"DOMContentLoaded\",function(){for(var e,t,s=l.querySelectorAll(\"iframe.wp-embedded-content\"),r=0;r<s.length;r++)(t=(e=s[r]).getAttribute(\"data-secret\"))||(t=Math.random().toString(36).substring(2,12),e.src+=\"#?secret=\"+t,e.setAttribute(\"data-secret\",t)),e.contentWindow.postMessage({message:\"ready\",secret:t},\"*\")},!1)))}(window,document);\n\/\/# sourceURL=https:\/\/www.cfm.co.mz\/wp-includes\/js\/wp-embed.min.js\n<\/script>","thumbnail_url":"https:\/\/www.cfm.co.mz\/wp-content\/uploads\/2017\/03\/Empossamento-de-novos-directores.jpg","thumbnail_width":1800,"thumbnail_height":1200,"description":"O Presidente do Conselho de Administra\u00e7\u00e3o da Empresa Portos e Caminhos de Ferro de Mo\u00e7ambique (CFM), Eng. Miguel Matabel, nomeou e empossou, no passado dia 3 de Mar\u00e7o de 2017, novos quadros no \u00e2mbito da renova\u00e7\u00e3o e alinhamento para as novas din\u00e2micas por forma a dotar a empresa de maior capacidade de interven\u00e7\u00e3o nos processos operacionais, perante os novos e constantes desafios. Trata-se do Inspector Geral, Eng. Ant\u00f3nio Bi\u00e9, dos Directores Executivos do CFM Norte, Centro e Sul, respectivamente, Engs. Jeremias do Rego, Augusto Abudo, C\u00e2ndido Jone, e do Director do Porto da Matola, Eng. Arlindo Fondo."}