{"version":"1.0","provider_name":"CFM - Caminhos De Ferros de Mo\u00e7ambique","provider_url":"https:\/\/www.cfm.co.mz\/en","author_name":"Ad\u00e9lio Dias","author_url":"https:\/\/www.cfm.co.mz\/en\/author\/adelio-dias\/","title":"CFM solidariza-se com as v\u00edtimas das cheias - CFM - Caminhos De Ferros de Mo\u00e7ambique","type":"rich","width":600,"height":338,"html":"<blockquote class=\"wp-embedded-content\" data-secret=\"u4S0QSTz7d\"><a href=\"https:\/\/www.cfm.co.mz\/en\/2015\/01\/23\/cfm-solidariza-se-com-as-vitimas-das-cheias\/\">CFM solidariza-se com as v\u00edtimas das cheias<\/a><\/blockquote><iframe sandbox=\"allow-scripts\" security=\"restricted\" src=\"https:\/\/www.cfm.co.mz\/en\/2015\/01\/23\/cfm-solidariza-se-com-as-vitimas-das-cheias\/embed\/#?secret=u4S0QSTz7d\" width=\"600\" height=\"338\" title=\"&#8220;CFM solidariza-se com as v\u00edtimas das cheias&#8221; &#8212; CFM - Caminhos De Ferros de Mo\u00e7ambique\" data-secret=\"u4S0QSTz7d\" frameborder=\"0\" marginwidth=\"0\" marginheight=\"0\" scrolling=\"no\" class=\"wp-embedded-content\"><\/iframe><script>\n\/*! This file is auto-generated *\/\n!function(d,l){\"use strict\";l.querySelector&&d.addEventListener&&\"undefined\"!=typeof URL&&(d.wp=d.wp||{},d.wp.receiveEmbedMessage||(d.wp.receiveEmbedMessage=function(e){var t=e.data;if((t||t.secret||t.message||t.value)&&!\/[^a-zA-Z0-9]\/.test(t.secret)){for(var s,r,n,a=l.querySelectorAll('iframe[data-secret=\"'+t.secret+'\"]'),o=l.querySelectorAll('blockquote[data-secret=\"'+t.secret+'\"]'),c=new RegExp(\"^https?:$\",\"i\"),i=0;i<o.length;i++)o[i].style.display=\"none\";for(i=0;i<a.length;i++)s=a[i],e.source===s.contentWindow&&(s.removeAttribute(\"style\"),\"height\"===t.message?(1e3<(r=parseInt(t.value,10))?r=1e3:~~r<200&&(r=200),s.height=r):\"link\"===t.message&&(r=new URL(s.getAttribute(\"src\")),n=new URL(t.value),c.test(n.protocol))&&n.host===r.host&&l.activeElement===s&&(d.top.location.href=t.value))}},d.addEventListener(\"message\",d.wp.receiveEmbedMessage,!1),l.addEventListener(\"DOMContentLoaded\",function(){for(var e,t,s=l.querySelectorAll(\"iframe.wp-embedded-content\"),r=0;r<s.length;r++)(t=(e=s[r]).getAttribute(\"data-secret\"))||(t=Math.random().toString(36).substring(2,12),e.src+=\"#?secret=\"+t,e.setAttribute(\"data-secret\",t)),e.contentWindow.postMessage({message:\"ready\",secret:t},\"*\")},!1)))}(window,document);\n\/\/# sourceURL=https:\/\/www.cfm.co.mz\/wp-includes\/js\/wp-embed.min.js\n<\/script>","thumbnail_url":"https:\/\/www.cfm.co.mz\/wp-content\/uploads\/2015\/01\/cheias2.jpg","thumbnail_width":585,"thumbnail_height":480,"description":"O Conselho de Administra\u00e7\u00e3o da empresa Portos e Caminhos de Ferro de Mo\u00e7ambique, reunido na sua 2\u00aa Sess\u00e3o de 2015, apelou a todos os trabalhadores da empresa, no sentido de se juntarem \u00e0 campanha de solidariedade para com as v\u00edtimas das cheias, que neste momento est\u00e3o a sofrer em consequ\u00eancia das chuvas que assolaram as regi\u00f5es Centro e Norte do Pa\u00eds, especificamente nas prov\u00edncias de Sofala, Zamb\u00e9zia, Nampula e Niassa. As ajudas, que poder\u00e3o ser em forma de produtos n\u00e3o perec\u00edveis, incluindo vestu\u00e1rio, mantas, capulanas, material escolar, livros, entre outros, est\u00e3o sendo recolhidas a n\u00edvel das direc\u00e7\u00f5es dos v\u00e1rios sectores da empresa e ser\u00e3o canalizadas \u00e0s autoridades que far\u00e3o chegar aos necessitados."}